{"id":103071,"date":"2024-11-13T20:20:51","date_gmt":"2024-11-13T19:20:51","guid":{"rendered":"https:\/\/www.heynature.de\/shop\/?post_type=product&#038;p=103071"},"modified":"2026-04-26T12:19:31","modified_gmt":"2026-04-26T10:19:31","slug":"migraenemaske","status":"publish","type":"product","link":"https:\/\/www.heynature.de\/shop\/produkt\/migraenemaske\/","title":{"rendered":"Migr\u00e4nemaske"},"content":{"rendered":"<p>Produktbeschreibung<\/p>\n\t\t\t<link rel=\"stylesheet\" id=\"elementor-post-108904-css\" href=\"https:\/\/www.heynature.de\/shop\/wp-content\/uploads\/elementor\/css\/post-108904.css?ver=1777602404\" type=\"text\/css\" media=\"all\">\n\t\t\t\t\t<div data-elementor-type=\"wp-post\" data-elementor-id=\"108904\" class=\"elementor elementor-108904\" data-elementor-post-type=\"cms_block\">\n\t\t\t\t<div class=\"wd-negative-gap elementor-element elementor-element-8fd67d5 e-flex e-con-boxed e-con e-parent\" data-id=\"8fd67d5\" data-element_type=\"container\" data-e-type=\"container\">\n\t\t\t\t\t<div class=\"e-con-inner\">\n\t\t\t\t<div class=\"elementor-element elementor-element-181ca4c elementor-widget elementor-widget-heading\" data-id=\"181ca4c\" data-element_type=\"widget\" data-e-type=\"widget\" data-widget_type=\"heading.default\">\n\t\t\t\t<div class=\"elementor-widget-container\">\n\t\t\t\t\t<h2 class=\"elementor-heading-title elementor-size-default\">Hey Nature Migr\u00e4ne Maske - nat\u00fcrliche Hilfe und Entspannung <\/h2>\t\t\t\t<\/div>\n\t\t\t\t<\/div>\n\t\t\t\t\t<\/div>\n\t\t\t\t<\/div>\n\t\t<div class=\"wd-negative-gap elementor-element elementor-element-bfebd1c e-flex e-con-boxed e-con e-parent\" data-id=\"bfebd1c\" data-element_type=\"container\" data-e-type=\"container\">\n\t\t\t\t\t<div class=\"e-con-inner\">\n\t\t\t\t<div class=\"elementor-element elementor-element-3af5e54 color-scheme-inherit text-left elementor-widget elementor-widget-text-editor\" data-id=\"3af5e54\" data-element_type=\"widget\" data-e-type=\"widget\" data-widget_type=\"text-editor.default\">\n\t\t\t\t<div class=\"elementor-widget-container\">\n\t\t\t\t\t\t\t\t\t<div class=\"a-section a-spacing-none\"><div class=\"a-section a-spacing-none\"><p class=\"description\">Die 360\u00b0 Migr\u00e4nemaske von Hey Nature bietet dir folgende Vorteile:<\/p><ul class=\"a-unordered-list a-vertical\"><li><span class=\"a-list-item\"><span class=\"a-text-bold\">kalt und warm einsetzbar <\/span>und somit sowohl bei Kopfschmerzen und Migr\u00e4ne als auch bei Nasennebenh\u00f6hlenbeschwerden und Ohrenschmerzen eine Hilfe<\/span><\/li><li><span class=\"a-list-item\"><span class=\"a-text-bold\">hochwertige Verarbeitung und h\u00f6chster Tragekomfort <\/span>durch flexibles Material, dass den Kopf rundum abdeckt<\/span><\/li><li><span class=\"a-list-item\">Auch als hochwertige <span class=\"a-text-bold\">Schlafmaske<\/span>, k\u00fchlende <span class=\"a-text-bold\">Augenmaske<\/span>, <span class=\"a-text-bold\">K\u00fchlpad<\/span>, anti <span class=\"a-text-bold\">Kater Mittel<\/span> und als <span class=\"a-text-bold\">W\u00e4rmekissen <\/span>nutzbar<\/span><\/li><li><span class=\"a-list-item\"><span class=\"a-text-bold\">360\u00b0 Kompression<\/span> f\u00fcr den ganzen Kopf<\/span><\/li><li><span class=\"a-list-item\">weiches, flexibles, <span class=\"a-text-bold\">blickdichtes <\/span>Material, besonders dickes Premium-Gel, keine st\u00f6renden N\u00e4hte und<span class=\"a-text-bold\"> passt auf alle K\u00f6pfe<\/span><\/span><\/li><li><span class=\"a-list-item\">Abdunklung, Schalld\u00e4mmung und K\u00fchleffekt in einem<\/span><\/li><\/ul><\/div><\/div>\t\t\t\t\t\t\t\t<\/div>\n\t\t\t\t<\/div>\n\t\t\t\t<div class=\"elementor-element elementor-element-ff93977 elementor-widget elementor-widget-heading\" data-id=\"ff93977\" data-element_type=\"widget\" data-e-type=\"widget\" data-widget_type=\"heading.default\">\n\t\t\t\t<div class=\"elementor-widget-container\">\n\t\t\t\t\t<h3 class=\"elementor-heading-title elementor-size-default\">Wieso hilft die K\u00fchlmaske von Hey Nature bei Migr\u00e4ne? <\/h3>\t\t\t\t<\/div>\n\t\t\t\t<\/div>\n\t\t\t\t<div class=\"elementor-element elementor-element-b89bda4 color-scheme-inherit text-left elementor-widget elementor-widget-text-editor\" data-id=\"b89bda4\" data-element_type=\"widget\" data-e-type=\"widget\" data-widget_type=\"text-editor.default\">\n\t\t\t\t<div class=\"elementor-widget-container\">\n\t\t\t\t\t\t\t\t\t<div class=\"a-section a-spacing-none\"><div class=\"a-section a-spacing-none\"><p class=\"description\">Bei einer Migr\u00e4neattacke werden oft die Nerven im Kopf- und Gesichtsbereich \u00fcberreizt, was durch K\u00e4lte ged\u00e4mpft wird. Migr\u00e4ne wird zudem auch durch die Erweiterung von Blutgef\u00e4\u00dfen im Gehirn verursacht. K\u00e4lte verengt diese Blutgef\u00e4\u00dfe (Vasokonstriktion), was den Druck und die Schmerzen reduzieren kann. Die Migr\u00e4ne M\u00fctze sch\u00fctzt auch die h\u00e4ufig lichtempfindlichen Augen durch die Abschirmung des Sonnenlichts und \u00fcbt einen angenehmen, leichten Druck auf den Kopf und auch auf die Augen aus.<\/p><\/div><\/div>\t\t\t\t\t\t\t\t<\/div>\n\t\t\t\t<\/div>\n\t\t\t\t<div class=\"elementor-element elementor-element-ff6b456 elementor-widget elementor-widget-heading\" data-id=\"ff6b456\" data-element_type=\"widget\" data-e-type=\"widget\" data-widget_type=\"heading.default\">\n\t\t\t\t<div class=\"elementor-widget-container\">\n\t\t\t\t\t<h3 class=\"elementor-heading-title elementor-size-default\">FAQ - die wichtigsten Fragen zur Migr\u00e4ne Maske schnell beantwortet<\/h3>\t\t\t\t<\/div>\n\t\t\t\t<\/div>\n\t\t\t\t<div class=\"elementor-element elementor-element-96a8bf5 elementor-widget elementor-widget-accordion\" data-id=\"96a8bf5\" data-element_type=\"widget\" data-e-type=\"widget\" data-widget_type=\"accordion.default\">\n\t\t\t\t<div class=\"elementor-widget-container\">\n\t\t\t\t\t\t\t<div class=\"elementor-accordion\">\n\t\t\t\t\t\t\t<div class=\"elementor-accordion-item\">\n\t\t\t\t\t<div id=\"elementor-tab-title-1571\" class=\"elementor-tab-title\" data-tab=\"1\" role=\"button\" aria-controls=\"elementor-tab-content-1571\" aria-expanded=\"false\">\n\t\t\t\t\t\t\t\t\t\t\t\t\t<span class=\"elementor-accordion-icon elementor-accordion-icon-left\" aria-hidden=\"true\">\n\t\t\t\t\t\t\t\t\t\t\t\t\t\t\t<span class=\"elementor-accordion-icon-closed\"><i class=\"fas fa-plus\"><\/i><\/span>\n\t\t\t\t\t\t\t\t<span class=\"elementor-accordion-icon-opened\"><i class=\"fas fa-minus\"><\/i><\/span>\n\t\t\t\t\t\t\t\t\t\t\t\t\t\t<\/span>\n\t\t\t\t\t\t\t\t\t\t\t\t<a class=\"elementor-accordion-title\" tabindex=\"0\">Wobei hilft die K\u00e4ltekompression? <\/a>\n\t\t\t\t\t<\/div>\n\t\t\t\t\t<div id=\"elementor-tab-content-1571\" class=\"elementor-tab-content elementor-clearfix\" data-tab=\"1\" role=\"region\" aria-labelledby=\"elementor-tab-title-1571\"><p class=\"aplus-answer aplus-p2\">Kalt angewendet kann die Maske bei Migr\u00e4ne, Kopfschmerzen, Augenringen und &#8211; schmerzen aber auch bei einem schweren Kater, Stress und Sto\u00dfverletzungen helfen.<\/p><\/div>\n\t\t\t\t<\/div>\n\t\t\t\t\t\t\t<div class=\"elementor-accordion-item\">\n\t\t\t\t\t<div id=\"elementor-tab-title-1572\" class=\"elementor-tab-title\" data-tab=\"2\" role=\"button\" aria-controls=\"elementor-tab-content-1572\" aria-expanded=\"false\">\n\t\t\t\t\t\t\t\t\t\t\t\t\t<span class=\"elementor-accordion-icon elementor-accordion-icon-left\" aria-hidden=\"true\">\n\t\t\t\t\t\t\t\t\t\t\t\t\t\t\t<span class=\"elementor-accordion-icon-closed\"><i class=\"fas fa-plus\"><\/i><\/span>\n\t\t\t\t\t\t\t\t<span class=\"elementor-accordion-icon-opened\"><i class=\"fas fa-minus\"><\/i><\/span>\n\t\t\t\t\t\t\t\t\t\t\t\t\t\t<\/span>\n\t\t\t\t\t\t\t\t\t\t\t\t<a class=\"elementor-accordion-title\" tabindex=\"0\">Wie funktoniert die Kalt-Anwendung? <\/a>\n\t\t\t\t\t<\/div>\n\t\t\t\t\t<div id=\"elementor-tab-content-1572\" class=\"elementor-tab-content elementor-clearfix\" data-tab=\"2\" role=\"region\" aria-labelledby=\"elementor-tab-title-1572\"><p class=\"aplus-answer aplus-p2\">Lege die Maske im beigelegten Beutel verpackt f\u00fcr ca 2 Stunden in den Gefrierschrank &#8211; oder K\u00fchlschrank, wenn es dir weniger kalt angenehmer ist. Du kannst die Maske auch darin aufbewahren und so jederzeit griffbereit haben. Nimm die Maske aus dem Beutel und ziehe sie dir auf. Wenn die Maske erst einmal zu kalt ist, lege sie ein paar Minuten auf Seite. Trage die Maske f\u00fcr ca 15-20 Minuten.<\/p><\/div>\n\t\t\t\t<\/div>\n\t\t\t\t\t\t\t<div class=\"elementor-accordion-item\">\n\t\t\t\t\t<div id=\"elementor-tab-title-1573\" class=\"elementor-tab-title\" data-tab=\"3\" role=\"button\" aria-controls=\"elementor-tab-content-1573\" aria-expanded=\"false\">\n\t\t\t\t\t\t\t\t\t\t\t\t\t<span class=\"elementor-accordion-icon elementor-accordion-icon-left\" aria-hidden=\"true\">\n\t\t\t\t\t\t\t\t\t\t\t\t\t\t\t<span class=\"elementor-accordion-icon-closed\"><i class=\"fas fa-plus\"><\/i><\/span>\n\t\t\t\t\t\t\t\t<span class=\"elementor-accordion-icon-opened\"><i class=\"fas fa-minus\"><\/i><\/span>\n\t\t\t\t\t\t\t\t\t\t\t\t\t\t<\/span>\n\t\t\t\t\t\t\t\t\t\t\t\t<a class=\"elementor-accordion-title\" tabindex=\"0\">Wobei hilft die W\u00e4rmekompression? <\/a>\n\t\t\t\t\t<\/div>\n\t\t\t\t\t<div id=\"elementor-tab-content-1573\" class=\"elementor-tab-content elementor-clearfix\" data-tab=\"3\" role=\"region\" aria-labelledby=\"elementor-tab-title-1573\"><p class=\"aplus-answer aplus-p2\">Warm eingesetzt kann die Maske den Schleim bei Nasennebenh\u00f6lenentz\u00fcndungen l\u00f6sen, Ohrenschmerzen lindern, Muskelerspannungen l\u00f6sen (du kannst sie dir auch um den Hals\/Nacken legen) und als W\u00e4rmekissen Regelschmerzen erleichtern.<\/p><\/div>\n\t\t\t\t<\/div>\n\t\t\t\t\t\t\t<div class=\"elementor-accordion-item\">\n\t\t\t\t\t<div id=\"elementor-tab-title-1574\" class=\"elementor-tab-title\" data-tab=\"4\" role=\"button\" aria-controls=\"elementor-tab-content-1574\" aria-expanded=\"false\">\n\t\t\t\t\t\t\t\t\t\t\t\t\t<span class=\"elementor-accordion-icon elementor-accordion-icon-left\" aria-hidden=\"true\">\n\t\t\t\t\t\t\t\t\t\t\t\t\t\t\t<span class=\"elementor-accordion-icon-closed\"><i class=\"fas fa-plus\"><\/i><\/span>\n\t\t\t\t\t\t\t\t<span class=\"elementor-accordion-icon-opened\"><i class=\"fas fa-minus\"><\/i><\/span>\n\t\t\t\t\t\t\t\t\t\t\t\t\t\t<\/span>\n\t\t\t\t\t\t\t\t\t\t\t\t<a class=\"elementor-accordion-title\" tabindex=\"0\">Wie funktioniert die Warm-Anwendung <\/a>\n\t\t\t\t\t<\/div>\n\t\t\t\t\t<div id=\"elementor-tab-content-1574\" class=\"elementor-tab-content elementor-clearfix\" data-tab=\"4\" role=\"region\" aria-labelledby=\"elementor-tab-title-1574\"><p><span id=\"faq-3\" class=\"answer\" aria-hidden=\"true\">Achtung! Bitte achte darauf, die Migr\u00e4nemaske nur bei Raumtemperatur und ohne den Beutel in der Mikrowelle zu erw\u00e4rmen!<\/span><\/p><p>W\u00e4rme die Maske zun\u00e4chst in der Mikrowelle nur 20 Sekunden auf und gehe in 10-Sekunden Schritten bis zur gew\u00fcnschten Temperatur vor. Wende sie auf keinen Fall zu hei\u00df an!<\/p><\/div>\n\t\t\t\t<\/div>\n\t\t\t\t\t\t\t<div class=\"elementor-accordion-item\">\n\t\t\t\t\t<div id=\"elementor-tab-title-1575\" class=\"elementor-tab-title\" data-tab=\"5\" role=\"button\" aria-controls=\"elementor-tab-content-1575\" aria-expanded=\"false\">\n\t\t\t\t\t\t\t\t\t\t\t\t\t<span class=\"elementor-accordion-icon elementor-accordion-icon-left\" aria-hidden=\"true\">\n\t\t\t\t\t\t\t\t\t\t\t\t\t\t\t<span class=\"elementor-accordion-icon-closed\"><i class=\"fas fa-plus\"><\/i><\/span>\n\t\t\t\t\t\t\t\t<span class=\"elementor-accordion-icon-opened\"><i class=\"fas fa-minus\"><\/i><\/span>\n\t\t\t\t\t\t\t\t\t\t\t\t\t\t<\/span>\n\t\t\t\t\t\t\t\t\t\t\t\t<a class=\"elementor-accordion-title\" tabindex=\"0\">Kann ich die Maske waschen?<\/a>\n\t\t\t\t\t<\/div>\n\t\t\t\t\t<div id=\"elementor-tab-content-1575\" class=\"elementor-tab-content elementor-clearfix\" data-tab=\"5\" role=\"region\" aria-labelledby=\"elementor-tab-title-1575\"><p class=\"aplus-answer aplus-p2\">Wische die Maske einfach nur mit einem feuchten Tuch nach Verwendung ab. Du kannst die Migr\u00e4nemaske nicht in der Waschmaschine waschen, tauche sie am besten nichts ins Wasser und lege sie nur trocken in die Mikrowelle oder den Gefrierschrank.<\/p><\/div>\n\t\t\t\t<\/div>\n\t\t\t\t\t\t\t\t<\/div>\n\t\t\t\t\t\t<\/div>\n\t\t\t\t<\/div>\n\t\t\t\t\t<\/div>\n\t\t\t\t<\/div>\n\t\t\t\t<\/div>\n\t\t\n","protected":false},"excerpt":{"rendered":"<p>Produktbeschreibung<\/p>\n","protected":false},"featured_media":104857,"comment_status":"closed","ping_status":"closed","template":"","meta":[],"product_brand":[],"product_cat":[628],"product_tag":[],"class_list":{"0":"post-103071","1":"product","2":"type-product","3":"status-publish","4":"has-post-thumbnail","6":"product_cat-fuer-dein-zu-hause","7":"product_shipping_class-maxibrief","9":"first","10":"instock","11":"sale","12":"taxable","13":"shipping-taxable","14":"purchasable","15":"product-type-variable","16":"has-default-attributes"},"yoast_head":"<!-- This site is optimized with the Yoast SEO plugin v27.2 - https:\/\/yoast.com\/product\/yoast-seo-wordpress\/ -->\n<title>Migr\u00e4nemaske - Hey Nature<\/title>\n<meta name=\"robots\" content=\"index, follow, max-snippet:-1, max-image-preview:large, max-video-preview:-1\" \/>\n<link rel=\"canonical\" href=\"https:\/\/www.heynature.de\/shop\/produkt\/migraenemaske\/\" \/>\n<meta property=\"og:locale\" content=\"de_DE\" \/>\n<meta property=\"og:type\" content=\"article\" \/>\n<meta property=\"og:title\" content=\"Migr\u00e4nemaske - Hey Nature\" \/>\n<meta property=\"og:description\" content=\"Produktbeschreibung\" \/>\n<meta property=\"og:url\" content=\"https:\/\/www.heynature.de\/shop\/produkt\/migraenemaske\/\" \/>\n<meta property=\"og:site_name\" content=\"Hey Nature\" \/>\n<meta property=\"article:publisher\" content=\"https:\/\/www.facebook.com\/people\/Hey-Nature\/100087590509870\/\" \/>\n<meta property=\"article:modified_time\" content=\"2026-04-26T10:19:31+00:00\" \/>\n<meta property=\"og:image\" content=\"https:\/\/www.heynature.de\/shop\/wp-content\/uploads\/2024\/09\/Migraenemaske-Titelbild.webp\" \/>\n\t<meta property=\"og:image:width\" content=\"800\" \/>\n\t<meta property=\"og:image:height\" content=\"800\" \/>\n\t<meta property=\"og:image:type\" content=\"image\/webp\" \/>\n<meta name=\"twitter:card\" content=\"summary_large_image\" \/>\n<meta name=\"twitter:label1\" content=\"Gesch\u00e4tzte Lesezeit\" \/>\n\t<meta name=\"twitter:data1\" content=\"1\u00a0Minute\" \/>\n<script type=\"application\/ld+json\" class=\"yoast-schema-graph\">{\"@context\":\"https:\/\/schema.org\",\"@graph\":[{\"@type\":\"WebPage\",\"@id\":\"https:\/\/www.heynature.de\/shop\/produkt\/migraenemaske\/\",\"url\":\"https:\/\/www.heynature.de\/shop\/produkt\/migraenemaske\/\",\"name\":\"Migr\u00e4nemaske - Hey Nature\",\"isPartOf\":{\"@id\":\"https:\/\/www.heynature.de\/shop\/#website\"},\"primaryImageOfPage\":{\"@id\":\"https:\/\/www.heynature.de\/shop\/produkt\/migraenemaske\/#primaryimage\"},\"image\":{\"@id\":\"https:\/\/www.heynature.de\/shop\/produkt\/migraenemaske\/#primaryimage\"},\"thumbnailUrl\":\"https:\/\/www.heynature.de\/shop\/wp-content\/uploads\/2024\/09\/Migraenemaske-Titelbild.webp\",\"datePublished\":\"2024-11-13T19:20:51+00:00\",\"dateModified\":\"2026-04-26T10:19:31+00:00\",\"breadcrumb\":{\"@id\":\"https:\/\/www.heynature.de\/shop\/produkt\/migraenemaske\/#breadcrumb\"},\"inLanguage\":\"de\",\"potentialAction\":[{\"@type\":\"ReadAction\",\"target\":[\"https:\/\/www.heynature.de\/shop\/produkt\/migraenemaske\/\"]}]},{\"@type\":\"ImageObject\",\"inLanguage\":\"de\",\"@id\":\"https:\/\/www.heynature.de\/shop\/produkt\/migraenemaske\/#primaryimage\",\"url\":\"https:\/\/www.heynature.de\/shop\/wp-content\/uploads\/2024\/09\/Migraenemaske-Titelbild.webp\",\"contentUrl\":\"https:\/\/www.heynature.de\/shop\/wp-content\/uploads\/2024\/09\/Migraenemaske-Titelbild.webp\",\"width\":800,\"height\":800},{\"@type\":\"BreadcrumbList\",\"@id\":\"https:\/\/www.heynature.de\/shop\/produkt\/migraenemaske\/#breadcrumb\",\"itemListElement\":[{\"@type\":\"ListItem\",\"position\":1,\"name\":\"Startseite\",\"item\":\"https:\/\/www.heynature.de\/shop\/\"},{\"@type\":\"ListItem\",\"position\":2,\"name\":\"Shop\",\"item\":\"https:\/\/www.heynature.de\/shop\/\"},{\"@type\":\"ListItem\",\"position\":3,\"name\":\"Migr\u00e4nemaske\"}]},{\"@type\":\"WebSite\",\"@id\":\"https:\/\/www.heynature.de\/shop\/#website\",\"url\":\"https:\/\/www.heynature.de\/shop\/\",\"name\":\"Hey Nature\",\"description\":\"Innovative, nat\u00fcrliche Produkte f\u00fcr ein gesundes Leben.\",\"publisher\":{\"@id\":\"https:\/\/www.heynature.de\/shop\/#organization\"},\"alternateName\":\"Produkte f\u00fcr ein nat\u00fcrlich ges\u00fcnderes Leben\",\"potentialAction\":[{\"@type\":\"SearchAction\",\"target\":{\"@type\":\"EntryPoint\",\"urlTemplate\":\"https:\/\/www.heynature.de\/shop\/?s={search_term_string}\"},\"query-input\":{\"@type\":\"PropertyValueSpecification\",\"valueRequired\":true,\"valueName\":\"search_term_string\"}}],\"inLanguage\":\"de\"},{\"@type\":\"Organization\",\"@id\":\"https:\/\/www.heynature.de\/shop\/#organization\",\"name\":\"Hey Nature GmbH\",\"alternateName\":\"Hey Nature\",\"url\":\"https:\/\/www.heynature.de\/shop\/\",\"logo\":{\"@type\":\"ImageObject\",\"inLanguage\":\"de\",\"@id\":\"https:\/\/www.heynature.de\/shop\/#\/schema\/logo\/image\/\",\"url\":\"https:\/\/www.heynature.de\/shop\/wp-content\/uploads\/2022\/04\/HeyNature-Logo_grau.png.png\",\"contentUrl\":\"https:\/\/www.heynature.de\/shop\/wp-content\/uploads\/2022\/04\/HeyNature-Logo_grau.png.png\",\"width\":350,\"height\":123,\"caption\":\"Hey Nature GmbH\"},\"image\":{\"@id\":\"https:\/\/www.heynature.de\/shop\/#\/schema\/logo\/image\/\"},\"sameAs\":[\"https:\/\/www.facebook.com\/people\/Hey-Nature\/100087590509870\/\",\"https:\/\/www.instagram.com\/heynature.de\/\"]}]}<\/script>\n<!-- \/ Yoast SEO plugin. -->","yoast_head_json":{"title":"Migr\u00e4nemaske - Hey Nature","robots":{"index":"index","follow":"follow","max-snippet":"max-snippet:-1","max-image-preview":"max-image-preview:large","max-video-preview":"max-video-preview:-1"},"canonical":"https:\/\/www.heynature.de\/shop\/produkt\/migraenemaske\/","og_locale":"de_DE","og_type":"article","og_title":"Migr\u00e4nemaske - Hey Nature","og_description":"Produktbeschreibung","og_url":"https:\/\/www.heynature.de\/shop\/produkt\/migraenemaske\/","og_site_name":"Hey Nature","article_publisher":"https:\/\/www.facebook.com\/people\/Hey-Nature\/100087590509870\/","article_modified_time":"2026-04-26T10:19:31+00:00","og_image":[{"width":800,"height":800,"url":"https:\/\/www.heynature.de\/shop\/wp-content\/uploads\/2024\/09\/Migraenemaske-Titelbild.webp","type":"image\/webp"}],"twitter_card":"summary_large_image","twitter_misc":{"Gesch\u00e4tzte Lesezeit":"1\u00a0Minute"},"schema":{"@context":"https:\/\/schema.org","@graph":[{"@type":"WebPage","@id":"https:\/\/www.heynature.de\/shop\/produkt\/migraenemaske\/","url":"https:\/\/www.heynature.de\/shop\/produkt\/migraenemaske\/","name":"Migr\u00e4nemaske - Hey Nature","isPartOf":{"@id":"https:\/\/www.heynature.de\/shop\/#website"},"primaryImageOfPage":{"@id":"https:\/\/www.heynature.de\/shop\/produkt\/migraenemaske\/#primaryimage"},"image":{"@id":"https:\/\/www.heynature.de\/shop\/produkt\/migraenemaske\/#primaryimage"},"thumbnailUrl":"https:\/\/www.heynature.de\/shop\/wp-content\/uploads\/2024\/09\/Migraenemaske-Titelbild.webp","datePublished":"2024-11-13T19:20:51+00:00","dateModified":"2026-04-26T10:19:31+00:00","breadcrumb":{"@id":"https:\/\/www.heynature.de\/shop\/produkt\/migraenemaske\/#breadcrumb"},"inLanguage":"de","potentialAction":[{"@type":"ReadAction","target":["https:\/\/www.heynature.de\/shop\/produkt\/migraenemaske\/"]}]},{"@type":"ImageObject","inLanguage":"de","@id":"https:\/\/www.heynature.de\/shop\/produkt\/migraenemaske\/#primaryimage","url":"https:\/\/www.heynature.de\/shop\/wp-content\/uploads\/2024\/09\/Migraenemaske-Titelbild.webp","contentUrl":"https:\/\/www.heynature.de\/shop\/wp-content\/uploads\/2024\/09\/Migraenemaske-Titelbild.webp","width":800,"height":800},{"@type":"BreadcrumbList","@id":"https:\/\/www.heynature.de\/shop\/produkt\/migraenemaske\/#breadcrumb","itemListElement":[{"@type":"ListItem","position":1,"name":"Startseite","item":"https:\/\/www.heynature.de\/shop\/"},{"@type":"ListItem","position":2,"name":"Shop","item":"https:\/\/www.heynature.de\/shop\/"},{"@type":"ListItem","position":3,"name":"Migr\u00e4nemaske"}]},{"@type":"WebSite","@id":"https:\/\/www.heynature.de\/shop\/#website","url":"https:\/\/www.heynature.de\/shop\/","name":"Hey Nature","description":"Innovative, nat\u00fcrliche Produkte f\u00fcr ein gesundes Leben.","publisher":{"@id":"https:\/\/www.heynature.de\/shop\/#organization"},"alternateName":"Produkte f\u00fcr ein nat\u00fcrlich ges\u00fcnderes Leben","potentialAction":[{"@type":"SearchAction","target":{"@type":"EntryPoint","urlTemplate":"https:\/\/www.heynature.de\/shop\/?s={search_term_string}"},"query-input":{"@type":"PropertyValueSpecification","valueRequired":true,"valueName":"search_term_string"}}],"inLanguage":"de"},{"@type":"Organization","@id":"https:\/\/www.heynature.de\/shop\/#organization","name":"Hey Nature GmbH","alternateName":"Hey Nature","url":"https:\/\/www.heynature.de\/shop\/","logo":{"@type":"ImageObject","inLanguage":"de","@id":"https:\/\/www.heynature.de\/shop\/#\/schema\/logo\/image\/","url":"https:\/\/www.heynature.de\/shop\/wp-content\/uploads\/2022\/04\/HeyNature-Logo_grau.png.png","contentUrl":"https:\/\/www.heynature.de\/shop\/wp-content\/uploads\/2022\/04\/HeyNature-Logo_grau.png.png","width":350,"height":123,"caption":"Hey Nature GmbH"},"image":{"@id":"https:\/\/www.heynature.de\/shop\/#\/schema\/logo\/image\/"},"sameAs":["https:\/\/www.facebook.com\/people\/Hey-Nature\/100087590509870\/","https:\/\/www.instagram.com\/heynature.de\/"]}]}},"tiered_pricing_type":"fixed","tiered_pricing_fixed_rules":[],"tiered_pricing_product_settings":{"layout":"default","base_unit_name":{"singular":null,"plural":null},"default_variation":null},"tiered_pricing_minimum_quantity":null,"tiered_pricing_roles_data":[],"tiered_pricing_percentage_rules":[],"tiered_pricing_maximum_quantity":null,"tiered_pricing_quantity_step":null,"_links":{"self":[{"href":"https:\/\/www.heynature.de\/shop\/wp-json\/wp\/v2\/product\/103071","targetHints":{"allow":["GET"]}}],"collection":[{"href":"https:\/\/www.heynature.de\/shop\/wp-json\/wp\/v2\/product"}],"about":[{"href":"https:\/\/www.heynature.de\/shop\/wp-json\/wp\/v2\/types\/product"}],"replies":[{"embeddable":true,"href":"https:\/\/www.heynature.de\/shop\/wp-json\/wp\/v2\/comments?post=103071"}],"version-history":[{"count":8,"href":"https:\/\/www.heynature.de\/shop\/wp-json\/wp\/v2\/product\/103071\/revisions"}],"predecessor-version":[{"id":108911,"href":"https:\/\/www.heynature.de\/shop\/wp-json\/wp\/v2\/product\/103071\/revisions\/108911"}],"wp:featuredmedia":[{"embeddable":true,"href":"https:\/\/www.heynature.de\/shop\/wp-json\/wp\/v2\/media\/104857"}],"wp:attachment":[{"href":"https:\/\/www.heynature.de\/shop\/wp-json\/wp\/v2\/media?parent=103071"}],"wp:term":[{"taxonomy":"product_brand","embeddable":true,"href":"https:\/\/www.heynature.de\/shop\/wp-json\/wp\/v2\/product_brand?post=103071"},{"taxonomy":"product_cat","embeddable":true,"href":"https:\/\/www.heynature.de\/shop\/wp-json\/wp\/v2\/product_cat?post=103071"},{"taxonomy":"product_tag","embeddable":true,"href":"https:\/\/www.heynature.de\/shop\/wp-json\/wp\/v2\/product_tag?post=103071"}],"curies":[{"name":"wp","href":"https:\/\/api.w.org\/{rel}","templated":true}]}}